{"id":4727,"date":"2016-10-03T21:48:02","date_gmt":"2016-10-04T00:48:02","guid":{"rendered":"https:\/\/pledu.com.ar\/sitio\/?page_id=4727"},"modified":"2017-03-15T09:54:29","modified_gmt":"2017-03-15T12:54:29","slug":"dist-energiaysociedad","status":"publish","type":"page","link":"https:\/\/pledu.com.ar\/sitio\/dist-energiaysociedad\/","title":{"rendered":"Energ\u00eda y Sociedad"},"content":{"rendered":"<p>[vc_row content_width=\u00bbgrid\u00bb][vc_column][vc_empty_space][vc_column_text]<\/p>\n<h2 style=\"text-align: center;\">Energ\u00eda y Sociedad<\/h2>\n<h4 style=\"text-align: center;\">para reflexionar y pensarnos<\/h4>\n<p>[\/vc_column_text][vc_empty_space]<div class=\"qodef-elements-holder qodef-two-columns qodef-responsive-mode-768\" ><div class=\"qodef-elements-holder-item qodef-vertical-alignment-middle qodef-horizontal-alignment-left\" >\r\n\t<div class=\"qodef-elements-holder-item-inner\">\r\n\t\t<div class=\"qodef-elements-holder-item-content qodef-elements-holder-custom-253814\" >\r\n\t\t\t\t\t\t[vc_column_text]El curso \u201cEnerg\u00eda y sociedad\u201d ha sido planificado con el objetivo de\u00a0proveer informaci\u00f3n b\u00e1sica relativa a cuestiones energ\u00e9ticas no solo en sus\u00a0aspectos f\u00edsicos sino tambi\u00e9n en aquellos aspectos que hacen a la relaci\u00f3n\u00a0entre la sociedad, producci\u00f3n y consumo de energ\u00eda.<br \/>\nSe plantea un abordaje interdisciplinario de la problem\u00e1tica energ\u00e9tica de\u00a0manera de cuestionar la concepci\u00f3n vigente de energ\u00eda de manera de\u00a0contraponerla con una visi\u00f3n de derechos.<br \/>\nEl presente curso, ha sido orientado especialmente a sectores y movimiento\u00a0sociales que puedan necesitar herramientas para el an\u00e1lisis de los conflictos\u00a0energ\u00e9ticos.[\/vc_column_text]\t\t<\/div>\r\n\t<\/div>\r\n<\/div><div class=\"qodef-elements-holder-item qodef-vertical-alignment-middle qodef-horizontal-alignment-center\" >\r\n\t<div class=\"qodef-elements-holder-item-inner\">\r\n\t\t<div class=\"qodef-elements-holder-item-content qodef-elements-holder-custom-122731\" >\r\n\t\t\t\t\t\t[vc_column_text]<\/p>\n<p style=\"text-align: center;\"><span style=\"color: #000000;\">Orientaci\u00f3n del Curso<\/span><\/p>\n<p>[\/vc_column_text][vc_empty_space height=\u00bb16&#8243;]<div class=\"qodef-pie-chart-pie-holder\">\r\n\t<div class=\"qodef-pie-chart-pie\">\r\n\t\t<canvas id=\"pie3759\" class=\"qodef-pie\" height=\"150\" width=\"150\" data-value-1=\"60\" data-color-1=\"#008697\" data-legend-1=\"te\u00f3rico\" data-value-2=\"40\" data-color-2=\"#5d9096\" data-legend-2=\"pr\u00e1ctico\"><\/canvas>\r\n\t<\/div>\r\n\t<div class=\"qodef-pie-legend\">\r\n\t\t<ul>\r\n\t\t\t\t\t\t<li>\r\n\t\t\t\t<div class=\"qodef-pie-color-holder\" style=\"background-color: #008697\" ><\/div>\r\n\t\t\t\t<p>te\u00f3rico<\/p>\r\n\t\t\t\t\t\t\t<li>\r\n\t\t\t\t<div class=\"qodef-pie-color-holder\" style=\"background-color: #5d9096\" ><\/div>\r\n\t\t\t\t<p>pr\u00e1ctico<\/p>\r\n\t\t\t\t\t\t\t<\/li>\r\n\t\t<\/ul>\r\n\t<\/div>\r\n<\/div>[vc_empty_space height=\u00bb20&#8243;]\t\t<\/div>\r\n\t<\/div>\r\n<\/div><\/div><div class=\"qodef-separator-holder clearfix  qodef-separator-center qodef-separator-full-width\">\r\n\t<div class=\"qodef-separator\" style=\"border-width: 5px\"><\/div>\r\n<\/div>\r\n[\/vc_column][\/vc_row][vc_row content_width=\u00bbgrid\u00bb content_aligment=\u00bbcenter\u00bb css=\u00bb.vc_custom_1446195467277{padding-top: 65px !important;padding-bottom: 15px !important;}\u00bb][vc_column offset=\u00bbvc_col-lg-offset-2 vc_col-lg-8&#8243;][vc_column_text]<\/p>\n<p style=\"text-align: left;\"><span style=\"color: #000000;\"><strong>Calificaciones y Objetivos<\/strong><\/span><\/p>\n<p style=\"text-align: left;\">El objetivo del curso es el de incorporar, por un lado elementos b\u00e1sicos que permitan comprender la realidad f\u00edsica de los problemas energ\u00e9ticos, como as\u00ed tambi\u00e9n las relaciones que se generan alrededor de la cuesti\u00f3n energ\u00e9tica. Se espera poder incorporar herramientas que mejoren las capacidades para interpretar los conflictos energ\u00e9ticos. No solo se incorporan aspecto vinculados a las fuentes energ\u00e9ticas, sino a los impactos ambientales, econ\u00f3micos, sociales del uso, producci\u00f3n y distribuci\u00f3n de la energ\u00eda. En cuanto a las calificaciones necesarias se solicita un m\u00ednimo de educaci\u00f3n primaria\/inicial completa, debido a la necesidad de poder realizar operaciones matem\u00e1ticas simples, compresi\u00f3n de textos, etc.<\/p>\n<p><strong>\u00a0<\/strong>[\/vc_column_text][vc_empty_space height=\u00bb16&#8243;][\/vc_column][\/vc_row][vc_row content_width=\u00bbgrid\u00bb content_aligment=\u00bbcenter\u00bb css=\u00bb.vc_custom_1471976495033{padding-top: 65px !important;padding-bottom: 65px !important;background-color: #dddedf !important;}\u00bb][vc_column width=\u00bb1\/2&#8243; offset=\u00bbvc_col-lg-offset-2 vc_col-lg-8&#8243;][vc_column_text]<\/p>\n<h2>Informaci\u00f3n general<\/h2>\n<p>[\/vc_column_text][vc_column_text]<\/p>\n<h5>Curso presencial<\/h5>\n<p>[\/vc_column_text][vc_empty_space height=\u00bb16px\u00bb][\/vc_column][\/vc_row][vc_row row_type=\u00bbparallax\u00bb content_width=\u00bbgrid\u00bb content_aligment=\u00bbcenter\u00bb full_screen_section_height=\u00bbno\u00bb css=\u00bb.vc_custom_1471975457868{background: #f4f4f4 url(https:\/\/pledu.com.ar\/sitio\/wp-content\/uploads\/2016\/08\/b.png?id=4339) !important;background-position: center !important;background-repeat: no-repeat !important;background-size: cover !important;}\u00bb][vc_column width=\u00bb1\/3&#8243;]<div class=\"qodef-elements-holder qodef-responsive-mode-768\" ><div class=\"qodef-elements-holder-item qodef-vertical-alignment-middle qodef-horizontal-alignment-left\" style=\"background-color: #ffffff\">\r\n\t<div class=\"qodef-elements-holder-item-inner\">\r\n\t\t<div class=\"qodef-elements-holder-item-content qodef-elements-holder-custom-223855\" style=\"padding: 0 0 0 0\">\r\n\t\t\t\t\t\t<div class=\"qodef-underline-icon-box-holder left qodef-with-border qodef-background-animation\">\r\n\t<div class=\"qodef-underline-icon-box-holder-inner\">\r\n\t\t<div class=\"qodef-underline-icon-box-icon-holder\">\r\n\t\t\t\n    <span class=\"qodef-icon-shortcode normal \"  >\n        \n        <i class=\"qodef-icon-simple-line-icon icon-people qodef-icon-element\" style=\"\" ><\/i>\n            <\/span>\n\n\t\t<\/div>\r\n\t\t<div class=\"qodef-underline-icon-box-text-holder\">\r\n\t\t\t<div class=\"qodef-underline-icon-box-title\">\r\n\t\t\t\t<h3>Dirigido a:<\/h3>\r\n\t\t\t<\/div>\r\n\t\t\t<div class=\"qodef-underline-icon-box-text\">\r\n\t\t\t\t<p>El curso se encuentra dirigido a: sectores y movimientos sociales atravesados por conflictos energ\u00e9ticos<\/p>\r\n\t\t\t<\/div>\r\n\t\t<\/div>\r\n\t<\/div>\r\n\t<div class=\"qodef-underline-icon-box-underline\">\r\n\t\t<span class=\"qodef-underline-holder\"><\/span>\r\n\t<\/div>\r\n<\/div>\t\t<\/div>\r\n\t<\/div>\r\n<\/div><\/div>[vc_empty_space height=\u00bb16&#8243;]<div class=\"qodef-elements-holder qodef-responsive-mode-768\" ><div class=\"qodef-elements-holder-item qodef-vertical-alignment-middle qodef-horizontal-alignment-left\" style=\"background-color: #ffffff\">\r\n\t<div class=\"qodef-elements-holder-item-inner\">\r\n\t\t<div class=\"qodef-elements-holder-item-content qodef-elements-holder-custom-575984\" style=\"padding: 0 0 0 0\">\r\n\t\t\t\t\t\t<div class=\"qodef-underline-icon-box-holder left qodef-with-border qodef-background-animation\">\r\n\t<div class=\"qodef-underline-icon-box-holder-inner\">\r\n\t\t<div class=\"qodef-underline-icon-box-icon-holder\">\r\n\t\t\t\n    <span class=\"qodef-icon-shortcode normal \"  >\n        \n        <i class=\"qodef-icon-simple-line-icon icon-calender qodef-icon-element\" style=\"\" ><\/i>\n            <\/span>\n\n\t\t<\/div>\r\n\t\t<div class=\"qodef-underline-icon-box-text-holder\">\r\n\t\t\t<div class=\"qodef-underline-icon-box-title\">\r\n\t\t\t\t<h3>Fecha y Hora<\/h3>\r\n\t\t\t<\/div>\r\n\t\t\t<div class=\"qodef-underline-icon-box-text\">\r\n\t\t\t\t<p>Cupo Cerrado. Actualmente -------------------. Suscribase para recibir informaci\u00f3n.<\/p>\r\n\t\t\t<\/div>\r\n\t\t<\/div>\r\n\t<\/div>\r\n\t<div class=\"qodef-underline-icon-box-underline\">\r\n\t\t<span class=\"qodef-underline-holder\"><\/span>\r\n\t<\/div>\r\n<\/div>\t\t<\/div>\r\n\t<\/div>\r\n<\/div><\/div>[vc_empty_space height=\u00bb50&#8243;]<a href=\"https:\/\/pledu.com.ar\/sitio\/dist-temario-detallado-eys\/\" target=\"_self\"  class=\"qodef-btn qodef-btn-large qodef-btn-solid\"  >\n        <span class=\"qodef-btn-text\">Ver temario<\/span>\n    <span class=\"qodef-btn-text-icon\"><\/span>\n<\/a>[vc_empty_space height=\u00bb50&#8243;][\/vc_column][vc_column width=\u00bb1\/3&#8243;]<div class=\"qodef-elements-holder qodef-responsive-mode-768\" ><div class=\"qodef-elements-holder-item qodef-vertical-alignment-middle qodef-horizontal-alignment-left\" style=\"background-color: #ffffff\">\r\n\t<div class=\"qodef-elements-holder-item-inner\">\r\n\t\t<div class=\"qodef-elements-holder-item-content qodef-elements-holder-custom-405971\" style=\"padding: 0 0 0 0\">\r\n\t\t\t\t\t\t<div class=\"qodef-underline-icon-box-holder left qodef-with-border qodef-background-animation\">\r\n\t<div class=\"qodef-underline-icon-box-holder-inner\">\r\n\t\t<div class=\"qodef-underline-icon-box-icon-holder\">\r\n\t\t\t\n    <span class=\"qodef-icon-shortcode normal \"  >\n        \n        <i class=\"qodef-icon-simple-line-icon icon-question qodef-icon-element\" style=\"\" ><\/i>\n            <\/span>\n\n\t\t<\/div>\r\n\t\t<div class=\"qodef-underline-icon-box-text-holder\">\r\n\t\t\t<div class=\"qodef-underline-icon-box-title\">\r\n\t\t\t\t<h3>Requisitos: <\/h3>\r\n\t\t\t<\/div>\r\n\t\t\t<div class=\"qodef-underline-icon-box-text\">\r\n\t\t\t\t<p>Manejo de PC(internet). No se requieren conocimiento espec\u00edficos sobre energ\u00eda .<\/p>\r\n\t\t\t<\/div>\r\n\t\t<\/div>\r\n\t<\/div>\r\n\t<div class=\"qodef-underline-icon-box-underline\">\r\n\t\t<span class=\"qodef-underline-holder\"><\/span>\r\n\t<\/div>\r\n<\/div>[vc_empty_space height=\u00bb16&#8243;]\t\t<\/div>\r\n\t<\/div>\r\n<\/div><\/div>[vc_empty_space height=\u00bb16&#8243;]<div class=\"qodef-elements-holder qodef-responsive-mode-768\" ><div class=\"qodef-elements-holder-item qodef-vertical-alignment-middle qodef-horizontal-alignment-left\" style=\"background-color: #ffffff\">\r\n\t<div class=\"qodef-elements-holder-item-inner\">\r\n\t\t<div class=\"qodef-elements-holder-item-content qodef-elements-holder-custom-794266\" style=\"padding: 0 0 0 0\">\r\n\t\t\t\t\t\t<div class=\"qodef-underline-icon-box-holder left qodef-with-border qodef-background-animation\">\r\n\t<div class=\"qodef-underline-icon-box-holder-inner\">\r\n\t\t<div class=\"qodef-underline-icon-box-icon-holder\">\r\n\t\t\t\n    <span class=\"qodef-icon-shortcode normal \"  >\n        \n        <i class=\"qodef-icon-simple-line-icon icon-location-pin qodef-icon-element\" style=\"\" ><\/i>\n            <\/span>\n\n\t\t<\/div>\r\n\t\t<div class=\"qodef-underline-icon-box-text-holder\">\r\n\t\t\t<div class=\"qodef-underline-icon-box-title\">\r\n\t\t\t\t<h3>Lugar<\/h3>\r\n\t\t\t<\/div>\r\n\t\t\t<div class=\"qodef-underline-icon-box-text\">\r\n\t\t\t\t<p>A distancia (online) a trav\u00e9s de la plataforma virtual de PLEDU.<\/p>\r\n\t\t\t<\/div>\r\n\t\t<\/div>\r\n\t<\/div>\r\n\t<div class=\"qodef-underline-icon-box-underline\">\r\n\t\t<span class=\"qodef-underline-holder\"><\/span>\r\n\t<\/div>\r\n<\/div>\t\t<\/div>\r\n\t<\/div>\r\n<\/div><\/div>[vc_empty_space height=\u00bb50&#8243;]<a href=\"#\" target=\"_self\"  class=\"qodef-btn qodef-btn-large qodef-btn-solid\"  >\n        <span class=\"qodef-btn-text\">Consulta<\/span>\n    <span class=\"qodef-btn-text-icon\"><\/span>\n<\/a>[vc_empty_space height=\u00bb50&#8243;][\/vc_column][vc_column width=\u00bb1\/3&#8243;]<div class=\"qodef-elements-holder qodef-responsive-mode-768\" ><div class=\"qodef-elements-holder-item qodef-vertical-alignment-middle qodef-horizontal-alignment-left\" style=\"background-color: #ffffff\">\r\n\t<div class=\"qodef-elements-holder-item-inner\">\r\n\t\t<div class=\"qodef-elements-holder-item-content qodef-elements-holder-custom-687590\" style=\"padding: 0 0 0 0\">\r\n\t\t\t\t\t\t<div class=\"qodef-underline-icon-box-holder left qodef-with-border qodef-background-animation\">\r\n\t<div class=\"qodef-underline-icon-box-holder-inner\">\r\n\t\t<div class=\"qodef-underline-icon-box-icon-holder\">\r\n\t\t\t\n    <span class=\"qodef-icon-shortcode normal \"  >\n        \n        <i class=\"qodef-icon-simple-line-icon icon-graduation qodef-icon-element\" style=\"\" ><\/i>\n            <\/span>\n\n\t\t<\/div>\r\n\t\t<div class=\"qodef-underline-icon-box-text-holder\">\r\n\t\t\t<div class=\"qodef-underline-icon-box-title\">\r\n\t\t\t\t<h3>Campo de acci\u00f3n<\/h3>\r\n\t\t\t<\/div>\r\n\t\t\t<div class=\"qodef-underline-icon-box-text\">\r\n\t\t\t\t<p>Afrontar con herramientas concretas de an\u00e1lisis y comprensi\u00f3n conflictos energ\u00e9ticos de diversas \u00edndoles.<\/p>\r\n\t\t\t<\/div>\r\n\t\t<\/div>\r\n\t<\/div>\r\n\t<div class=\"qodef-underline-icon-box-underline\">\r\n\t\t<span class=\"qodef-underline-holder\"><\/span>\r\n\t<\/div>\r\n<\/div>[vc_empty_space height=\u00bb8&#8243;]\t\t<\/div>\r\n\t<\/div>\r\n<\/div><\/div>[vc_empty_space height=\u00bb16&#8243;]<div class=\"qodef-elements-holder qodef-responsive-mode-768\" ><div class=\"qodef-elements-holder-item qodef-vertical-alignment-middle qodef-horizontal-alignment-left\" style=\"background-color: #ffffff\">\r\n\t<div class=\"qodef-elements-holder-item-inner\">\r\n\t\t<div class=\"qodef-elements-holder-item-content qodef-elements-holder-custom-287177\" style=\"padding: 0 0 0 0\">\r\n\t\t\t\t\t\t<div class=\"qodef-underline-icon-box-holder left qodef-with-border qodef-background-animation\">\r\n\t<div class=\"qodef-underline-icon-box-holder-inner\">\r\n\t\t<div class=\"qodef-underline-icon-box-icon-holder\">\r\n\t\t\t\n    <span class=\"qodef-icon-shortcode normal \"  >\n        \n        <i class=\"qodef-icon-font-awesome fa fa-money qodef-icon-element\" style=\"\" ><\/i>\n            <\/span>\n\n\t\t<\/div>\r\n\t\t<div class=\"qodef-underline-icon-box-text-holder\">\r\n\t\t\t<div class=\"qodef-underline-icon-box-title\">\r\n\t\t\t\t<h3>Inversi\u00f3n:<\/h3>\r\n\t\t\t<\/div>\r\n\t\t\t<div class=\"qodef-underline-icon-box-text\">\r\n\t\t\t\t<p>$ momentaneamente el curso no tiene costo. Duraci\u00f3n: 20hs<\/p>\r\n\t\t\t<\/div>\r\n\t\t<\/div>\r\n\t<\/div>\r\n\t<div class=\"qodef-underline-icon-box-underline\">\r\n\t\t<span class=\"qodef-underline-holder\"><\/span>\r\n\t<\/div>\r\n<\/div>\t\t<\/div>\r\n\t<\/div>\r\n<\/div><\/div>[vc_empty_space height=\u00bb50&#8243;]<a href=\"#\" target=\"_self\"  class=\"qodef-btn qodef-btn-large qodef-btn-solid\"  >\n        <span class=\"qodef-btn-text\">Inscribirme<\/span>\n    <span class=\"qodef-btn-text-icon\"><\/span>\n<\/a>[vc_empty_space height=\u00bb50&#8243;][\/vc_column][\/vc_row][vc_row content_width=\u00bbgrid\u00bb][vc_column][vc_empty_space][vc_column_text]<\/p>\n<h2 style=\"text-align: center;\">Equipo Docente<\/h2>\n<p>[\/vc_column_text][\/vc_column][\/vc_row][vc_row content_width=\u00bbgrid\u00bb content_aligment=\u00bbcenter\u00bb][vc_column width=\u00bb1\/3&#8243;][vc_empty_space][vc_single_image image=\u00bb3551&#8243; img_size=\u00bb222&#215;222&#8243; alignment=\u00bbcenter\u00bb style=\u00bbvc_box_circle_2&#8243; onclick=\u00bbcustom_link\u00bb img_link_target=\u00bb_blank\u00bb][vc_empty_space height=\u00bb26&#8243;][vc_column_text]<\/p>\n<h3><strong><span style=\"color: #000000;\">Jorge Chemes<\/span><\/strong><\/h3>\n<p>[\/vc_column_text][vc_empty_space height=\u00bb5&#8243;][vc_column_text]<\/p>\n<h6 style=\"text-align: center;\"><span style=\"color: #ff9900;\">Ingeniero<\/span><\/h6>\n<p>[\/vc_column_text][vc_empty_space height=\u00bb5&#8243;][vc_column_text][\/vc_column_text][vc_empty_space height=\u00bb31&#8243;]<a href=\"https:\/\/pledu.com.ar\/sitio\/jorgechemes\/\" target=\"_self\"  class=\"qodef-btn qodef-btn-small qodef-btn-solid\"  >\n        <span class=\"qodef-btn-text\">ver mas<\/span>\n    <span class=\"qodef-btn-text-icon\"><\/span>\n<\/a>[vc_empty_space][\/vc_column][vc_column width=\u00bb1\/3&#8243;][vc_empty_space][vc_single_image image=\u00bb4735&#8243; img_size=\u00bb222&#215;222&#8243; alignment=\u00bbcenter\u00bb style=\u00bbvc_box_circle_2&#8243; onclick=\u00bbcustom_link\u00bb img_link_target=\u00bb_blank\u00bb link=\u00bbhttps:\/\/www.linkedin.com\/in\/ignacioarrana?authType=NAME_SEARCH&amp;authToken=m0qg&amp;locale=es_ES&amp;trk=tyah&amp;trkInfo=clickedVertical%3Amynetwork%2CclickedEntityId%3A451760448%2CauthType%3ANAME_SEARCH%2Cidx%3A1-1-1%2CtarId%3A1471469242396%2Ctas%3Aignaci\u00bb][vc_empty_space height=\u00bb26&#8243;][vc_column_text]<\/p>\n<h3><strong><span style=\"color: #000000;\">Laura Moya<\/span><\/strong><\/h3>\n<p>[\/vc_column_text][vc_empty_space height=\u00bb5&#8243;][vc_column_text]<\/p>\n<h6 style=\"text-align: center;\"><span style=\"color: #ff9900;\">Est. Cs. Pol\u00edticas<\/span><\/h6>\n<p>[\/vc_column_text][vc_empty_space height=\u00bb5&#8243;][vc_column_text][\/vc_column_text][vc_empty_space height=\u00bb31&#8243;]<a href=\"#\" target=\"_self\"  class=\"qodef-btn qodef-btn-small qodef-btn-solid\"  >\n        <span class=\"qodef-btn-text\">ver mas<\/span>\n    <span class=\"qodef-btn-text-icon\"><\/span>\n<\/a>[vc_empty_space][\/vc_column][vc_column width=\u00bb1\/3&#8243;][vc_empty_space][vc_single_image image=\u00bb4737&#8243; img_size=\u00bb222&#215;222&#8243; alignment=\u00bbcenter\u00bb style=\u00bbvc_box_circle_2&#8243; onclick=\u00bbcustom_link\u00bb img_link_target=\u00bb_blank\u00bb][vc_empty_space height=\u00bb26&#8243;][vc_column_text]<\/p>\n<h3><strong><span style=\"color: #000000;\">Pablo Bertinat<\/span><\/strong><\/h3>\n<p>[\/vc_column_text][vc_empty_space height=\u00bb5&#8243;][vc_column_text]<\/p>\n<h6 style=\"text-align: center;\"><span style=\"color: #ff9900;\">Mg. Ingeniero<\/span><\/h6>\n<p>[\/vc_column_text][vc_empty_space height=\u00bb5&#8243;][vc_column_text][\/vc_column_text][vc_empty_space height=\u00bb31&#8243;]<a href=\"#\" target=\"_self\"  class=\"qodef-btn qodef-btn-small qodef-btn-solid\"  >\n        <span class=\"qodef-btn-text\">ver mas<\/span>\n    <span class=\"qodef-btn-text-icon\"><\/span>\n<\/a>[vc_empty_space][\/vc_column][\/vc_row][vc_row content_width=\u00bbgrid\u00bb content_aligment=\u00bbcenter\u00bb css=\u00bb.vc_custom_1471217251345{background-color: #f4f4f4 !important;}\u00bb][vc_column][vc_empty_space][vc_empty_space][\/vc_column][\/vc_row]<\/p>\n","protected":false},"excerpt":{"rendered":"<p>[vc_row content_width=\u00bbgrid\u00bb][vc_column][vc_empty_space][vc_column_text] Energ\u00eda y Sociedad para reflexionar y pensarnos [\/vc_column_text][vc_empty_space][\/vc_column][\/vc_row][vc_row content_width=\u00bbgrid\u00bb content_aligment=\u00bbcenter\u00bb css=\u00bb.vc_custom_1446195467277{padding-top: 65px !important;padding-bottom: 15px !important;}\u00bb][vc_column offset=\u00bbvc_col-lg-offset-2 vc_col-lg-8&#8243;][vc_column_text] Calificaciones y Objetivos El objetivo del curso es el de incorporar, por un lado elementos b\u00e1sicos que permitan comprender la realidad f\u00edsica de los problemas energ\u00e9ticos,&#8230;<\/p>\n","protected":false},"author":3,"featured_media":0,"parent":0,"menu_order":0,"comment_status":"closed","ping_status":"closed","template":"full-width.php","meta":{"footnotes":""},"class_list":["post-4727","page","type-page","status-publish","hentry"],"aioseo_notices":[],"_links":{"self":[{"href":"https:\/\/pledu.com.ar\/sitio\/wp-json\/wp\/v2\/pages\/4727","targetHints":{"allow":["GET"]}}],"collection":[{"href":"https:\/\/pledu.com.ar\/sitio\/wp-json\/wp\/v2\/pages"}],"about":[{"href":"https:\/\/pledu.com.ar\/sitio\/wp-json\/wp\/v2\/types\/page"}],"author":[{"embeddable":true,"href":"https:\/\/pledu.com.ar\/sitio\/wp-json\/wp\/v2\/users\/3"}],"replies":[{"embeddable":true,"href":"https:\/\/pledu.com.ar\/sitio\/wp-json\/wp\/v2\/comments?post=4727"}],"version-history":[{"count":7,"href":"https:\/\/pledu.com.ar\/sitio\/wp-json\/wp\/v2\/pages\/4727\/revisions"}],"predecessor-version":[{"id":5147,"href":"https:\/\/pledu.com.ar\/sitio\/wp-json\/wp\/v2\/pages\/4727\/revisions\/5147"}],"wp:attachment":[{"href":"https:\/\/pledu.com.ar\/sitio\/wp-json\/wp\/v2\/media?parent=4727"}],"curies":[{"name":"wp","href":"https:\/\/api.w.org\/{rel}","templated":true}]}}