{"id":5903,"date":"2018-04-11T18:26:56","date_gmt":"2018-04-11T21:26:56","guid":{"rendered":"https:\/\/pledu.com.ar\/sitio\/?page_id=5903"},"modified":"2019-02-28T19:36:21","modified_gmt":"2019-02-28T22:36:21","slug":"dfv-utnoes","status":"publish","type":"page","link":"https:\/\/pledu.com.ar\/sitio\/dfv-utnoes\/","title":{"rendered":"Energ\u00eda Solar Fotovoltaica"},"content":{"rendered":"<p>[vc_row content_width=\u00bbgrid\u00bb][vc_column][vc_empty_space][vc_column_text]<\/p>\n<h2 style=\"text-align: center;\">Dimensionamiento\u00a0de proyectos Solares Fotovoltaicos<\/h2>\n<h4 style=\"text-align: center;\">ongrid para cooperativas el\u00e9ctricas<\/h4>\n<p>[\/vc_column_text][vc_empty_space height=\u00bb10&#8243;][vc_column_text]<\/p>\n<h4 style=\"text-align: center;\">Esta capacitaci\u00f3n se configura como la segunda actividad p\u00fablica del Centro de Capacitaci\u00f3n en Generaci\u00f3n Distribuida, espacio de formaci\u00f3n que se genera a partir de la participaci\u00f3n de nuestro Grupo de Investigaci\u00f3n en el Proyecto FITS UREE 001 \u201cGeneraci\u00f3n distribuida con energ\u00edas renovables. Aportes tecnol\u00f3gicos sociales, ambientales y econ\u00f3micos de su aplicaci\u00f3n en la red inteligente de Armstrong\u201d.<\/h4>\n<p>[\/vc_column_text][vc_empty_space]<div class=\"qodef-elements-holder qodef-two-columns qodef-responsive-mode-768\" ><div class=\"qodef-elements-holder-item qodef-vertical-alignment-middle qodef-horizontal-alignment-left\" >\r\n\t<div class=\"qodef-elements-holder-item-inner\">\r\n\t\t<div class=\"qodef-elements-holder-item-content qodef-elements-holder-custom-204271\" >\r\n\t\t\t\t\t\t[vc_column_text]<\/p>\n<p style=\"text-align: left;\">El curso se encuentra orientado exclusvimantea personas vinculadas a cooperativas el\u00e9ctricas y a capacitar a los participantes para el correcto c\u00e1lculo y dimensionamiento de sistemas solares fotovoltaicos ongrid. As\u00ed pudiendo determinar los elementos correctos para cada parte del sistema, logrando la mayor vida \u00fatil del sistema fotovoltaico y la menor inversi\u00f3n posible. Para ello se utilizar\u00e1n software espec\u00edficos y se realizar\u00e1n pr\u00e1cticas en la central fotovoltaica de 200kW de CELAR. El foco principal del curso se encuentra en el c\u00e1lculo y dimensionamiento del sistema y en menor grado en los detalles t\u00e9cnicos de la ejecuci\u00f3n de la obra.<\/p>\n<p>[\/vc_column_text]\t\t<\/div>\r\n\t<\/div>\r\n<\/div><div class=\"qodef-elements-holder-item qodef-vertical-alignment-middle qodef-horizontal-alignment-center\" >\r\n\t<div class=\"qodef-elements-holder-item-inner\">\r\n\t\t<div class=\"qodef-elements-holder-item-content qodef-elements-holder-custom-496571\" >\r\n\t\t\t\t\t\t[vc_column_text]<\/p>\n<p style=\"text-align: center;\"><span style=\"color: #000000;\">Orientaci\u00f3n del Curso<\/span><\/p>\n<p>[\/vc_column_text][vc_empty_space height=\u00bb16&#8243;]<div class=\"qodef-pie-chart-pie-holder\">\r\n\t<div class=\"qodef-pie-chart-pie\">\r\n\t\t<canvas id=\"pie2125\" class=\"qodef-pie\" height=\"150\" width=\"150\" data-value-1=\"70\" data-color-1=\"#a62324\" data-legend-1=\"dise\u00f1o\" data-value-2=\"30\" data-color-2=\"#a56666\" data-legend-2=\"instalaci\u00f3n\"><\/canvas>\r\n\t<\/div>\r\n\t<div class=\"qodef-pie-legend\">\r\n\t\t<ul>\r\n\t\t\t\t\t\t<li>\r\n\t\t\t\t<div class=\"qodef-pie-color-holder\" style=\"background-color: #a62324\" ><\/div>\r\n\t\t\t\t<p>dise\u00f1o<\/p>\r\n\t\t\t\t\t\t\t<li>\r\n\t\t\t\t<div class=\"qodef-pie-color-holder\" style=\"background-color: #a56666\" ><\/div>\r\n\t\t\t\t<p>instalaci\u00f3n<\/p>\r\n\t\t\t\t\t\t\t<\/li>\r\n\t\t<\/ul>\r\n\t<\/div>\r\n<\/div>[vc_empty_space height=\u00bb20&#8243;]\t\t<\/div>\r\n\t<\/div>\r\n<\/div><\/div><div class=\"qodef-separator-holder clearfix  qodef-separator-center qodef-separator-full-width\">\r\n\t<div class=\"qodef-separator\" style=\"border-width: 5px\"><\/div>\r\n<\/div>\r\n[\/vc_column][\/vc_row][vc_row content_width=\u00bbgrid\u00bb content_aligment=\u00bbcenter\u00bb css=\u00bb.vc_custom_1446195467277{padding-top: 65px !important;padding-bottom: 15px !important;}\u00bb][vc_column offset=\u00bbvc_col-lg-offset-2 vc_col-lg-8&#8243;][vc_column_text]<\/p>\n<p style=\"text-align: left;\"><span style=\"color: #000000;\"><strong>Objetivo general<\/strong><\/span><\/p>\n<p style=\"text-align: left;\"><span style=\"color: #808080;\">Informar, capacitar, y concientizar sobre las posibilidades y limitaciones del uso de energ\u00eda solar fotovoltaica. Determinar su interacci\u00f3n con las instalaciones convencionales. Discutir y analizar alternativas sustentables para la implementaci\u00f3n de tecnolog\u00eda solar.<\/span><\/p>\n<p><span style=\"color: #808080;\"><strong>\u00a0<\/strong><\/span>[\/vc_column_text][vc_empty_space height=\u00bb16&#8243;][vc_column_text]<\/p>\n<p style=\"text-align: left;\"><span style=\"color: #000000;\"><strong>Objetivo especifico;<\/strong><\/span><\/p>\n<p style=\"text-align: left;\">Generar\u00a0capacidades en el personal de cooperativas el\u00e9ctricas a trav\u00e9s de capacitaci\u00f3n espec\u00edfica, como instrumento para la expansi\u00f3n y consolidaci\u00f3n efectiva del mercado local de las energ\u00edas renovables. Lograr que los profesionales dimensionen correctamente sistemas solares fotovoltaicos.<\/p>\n<p style=\"text-align: left;\">Determinar energ\u00eda generada por diversos sistemas fotovoltaicos. Optimizaci\u00f3n de la geometr\u00eda solar de la instalaci\u00f3n. Optimizar la instalaci\u00f3n el\u00e9ctrica para la interacci\u00f3n con el sistema fotovoltaicos, etc.<\/p>\n<p>[\/vc_column_text][vc_empty_space height=\u00bb16&#8243;][\/vc_column][\/vc_row][vc_row content_width=\u00bbgrid\u00bb content_aligment=\u00bbcenter\u00bb css=\u00bb.vc_custom_1471976495033{padding-top: 65px !important;padding-bottom: 65px !important;background-color: #dddedf !important;}\u00bb][vc_column width=\u00bb1\/2&#8243; offset=\u00bbvc_col-lg-offset-2 vc_col-lg-8&#8243;][vc_column_text]<\/p>\n<h2>Informaci\u00f3n general<\/h2>\n<p>[\/vc_column_text][vc_column_text]<\/p>\n<h5>Curso presencial<\/h5>\n<p>[\/vc_column_text][vc_empty_space height=\u00bb16px\u00bb][\/vc_column][\/vc_row][vc_row row_type=\u00bbparallax\u00bb content_width=\u00bbgrid\u00bb content_aligment=\u00bbcenter\u00bb full_screen_section_height=\u00bbno\u00bb css=\u00bb.vc_custom_1471975457868{background: #f4f4f4 url(https:\/\/pledu.com.ar\/sitio\/wp-content\/uploads\/2016\/08\/b.png?id=4339) !important;background-position: center !important;background-repeat: no-repeat !important;background-size: cover !important;}\u00bb][vc_column width=\u00bb1\/3&#8243;]<div class=\"qodef-elements-holder qodef-responsive-mode-768\" ><div class=\"qodef-elements-holder-item qodef-vertical-alignment-middle qodef-horizontal-alignment-left\" style=\"background-color: #ffffff\">\r\n\t<div class=\"qodef-elements-holder-item-inner\">\r\n\t\t<div class=\"qodef-elements-holder-item-content qodef-elements-holder-custom-160377\" style=\"padding: 0 0 0 0\">\r\n\t\t\t\t\t\t<div class=\"qodef-underline-icon-box-holder left qodef-with-border qodef-background-animation\">\r\n\t<div class=\"qodef-underline-icon-box-holder-inner\">\r\n\t\t<div class=\"qodef-underline-icon-box-icon-holder\">\r\n\t\t\t\n    <span class=\"qodef-icon-shortcode normal \"  >\n        \n        <i class=\"qodef-icon-simple-line-icon icon-people qodef-icon-element\" style=\"\" ><\/i>\n            <\/span>\n\n\t\t<\/div>\r\n\t\t<div class=\"qodef-underline-icon-box-text-holder\">\r\n\t\t\t<div class=\"qodef-underline-icon-box-title\">\r\n\t\t\t\t<h3>Dirigido a:<\/h3>\r\n\t\t\t<\/div>\r\n\t\t\t<div class=\"qodef-underline-icon-box-text\">\r\n\t\t\t\t<p>El curso se encuentra dirigido a: Personas vinculadas a cooperativas el\u00e9ctricas<\/p>\r\n\t\t\t<\/div>\r\n\t\t<\/div>\r\n\t<\/div>\r\n\t<div class=\"qodef-underline-icon-box-underline\">\r\n\t\t<span class=\"qodef-underline-holder\"><\/span>\r\n\t<\/div>\r\n<\/div>\t\t<\/div>\r\n\t<\/div>\r\n<\/div><\/div>[vc_empty_space height=\u00bb16&#8243;]<div class=\"qodef-elements-holder qodef-responsive-mode-768\" ><div class=\"qodef-elements-holder-item qodef-vertical-alignment-middle qodef-horizontal-alignment-left\" style=\"background-color: #ffffff\">\r\n\t<div class=\"qodef-elements-holder-item-inner\">\r\n\t\t<div class=\"qodef-elements-holder-item-content qodef-elements-holder-custom-233511\" style=\"padding: 0 0 0 0\">\r\n\t\t\t\t\t\t<div class=\"qodef-underline-icon-box-holder left qodef-with-border qodef-background-animation\">\r\n\t<div class=\"qodef-underline-icon-box-holder-inner\">\r\n\t\t<div class=\"qodef-underline-icon-box-icon-holder\">\r\n\t\t\t\n    <span class=\"qodef-icon-shortcode normal \"  >\n        \n        <i class=\"qodef-icon-simple-line-icon icon-calender qodef-icon-element\" style=\"\" ><\/i>\n            <\/span>\n\n\t\t<\/div>\r\n\t\t<div class=\"qodef-underline-icon-box-text-holder\">\r\n\t\t\t<div class=\"qodef-underline-icon-box-title\">\r\n\t\t\t\t<h3>Fecha y Hora<\/h3>\r\n\t\t\t<\/div>\r\n\t\t\t<div class=\"qodef-underline-icon-box-text\">\r\n\t\t\t\t<p>27, 28 y 29 de marzo<\/p>\r\n\t\t\t<\/div>\r\n\t\t<\/div>\r\n\t<\/div>\r\n\t<div class=\"qodef-underline-icon-box-underline\">\r\n\t\t<span class=\"qodef-underline-holder\"><\/span>\r\n\t<\/div>\r\n<\/div>\t\t<\/div>\r\n\t<\/div>\r\n<\/div><\/div>[vc_empty_space height=\u00bb50&#8243;]<a href=\"https:\/\/pledu.com.ar\/sitio\/temario-detallado-dfv\/\" target=\"_self\"  class=\"qodef-btn qodef-btn-large qodef-btn-solid\"  >\n        <span class=\"qodef-btn-text\">Ver temario<\/span>\n    <span class=\"qodef-btn-text-icon\"><\/span>\n<\/a>[vc_empty_space height=\u00bb50&#8243;][\/vc_column][vc_column width=\u00bb1\/3&#8243;]<div class=\"qodef-elements-holder qodef-responsive-mode-768\" ><div class=\"qodef-elements-holder-item qodef-vertical-alignment-middle qodef-horizontal-alignment-left\" style=\"background-color: #ffffff\">\r\n\t<div class=\"qodef-elements-holder-item-inner\">\r\n\t\t<div class=\"qodef-elements-holder-item-content qodef-elements-holder-custom-867528\" style=\"padding: 0 0 0 0\">\r\n\t\t\t\t\t\t<div class=\"qodef-underline-icon-box-holder left qodef-with-border qodef-background-animation\">\r\n\t<div class=\"qodef-underline-icon-box-holder-inner\">\r\n\t\t<div class=\"qodef-underline-icon-box-icon-holder\">\r\n\t\t\t\n    <span class=\"qodef-icon-shortcode normal \"  >\n        \n        <i class=\"qodef-icon-simple-line-icon icon-question qodef-icon-element\" style=\"\" ><\/i>\n            <\/span>\n\n\t\t<\/div>\r\n\t\t<div class=\"qodef-underline-icon-box-text-holder\">\r\n\t\t\t<div class=\"qodef-underline-icon-box-title\">\r\n\t\t\t\t<h3>Requisitos: <\/h3>\r\n\t\t\t<\/div>\r\n\t\t\t<div class=\"qodef-underline-icon-box-text\">\r\n\t\t\t\t<p>Manejo de PC(excel, internet). Conocimiento de electricidad. No se requiere conocimiento de energ\u00eda solar.<\/p>\r\n\t\t\t<\/div>\r\n\t\t<\/div>\r\n\t<\/div>\r\n\t<div class=\"qodef-underline-icon-box-underline\">\r\n\t\t<span class=\"qodef-underline-holder\"><\/span>\r\n\t<\/div>\r\n<\/div>\t\t<\/div>\r\n\t<\/div>\r\n<\/div><\/div>[vc_empty_space height=\u00bb16&#8243;]<div class=\"qodef-elements-holder qodef-responsive-mode-768\" ><div class=\"qodef-elements-holder-item qodef-vertical-alignment-middle qodef-horizontal-alignment-left\" style=\"background-color: #ffffff\">\r\n\t<div class=\"qodef-elements-holder-item-inner\">\r\n\t\t<div class=\"qodef-elements-holder-item-content qodef-elements-holder-custom-555727\" style=\"padding: 0 0 0 0\">\r\n\t\t\t\t\t\t<div class=\"qodef-underline-icon-box-holder left qodef-with-border qodef-background-animation\">\r\n\t<div class=\"qodef-underline-icon-box-holder-inner\">\r\n\t\t<div class=\"qodef-underline-icon-box-icon-holder\">\r\n\t\t\t\n    <span class=\"qodef-icon-shortcode normal \"  >\n        \n        <i class=\"qodef-icon-simple-line-icon icon-location-pin qodef-icon-element\" style=\"\" ><\/i>\n            <\/span>\n\n\t\t<\/div>\r\n\t\t<div class=\"qodef-underline-icon-box-text-holder\">\r\n\t\t\t<div class=\"qodef-underline-icon-box-title\">\r\n\t\t\t\t<h3>Lugar<\/h3>\r\n\t\t\t<\/div>\r\n\t\t\t<div class=\"qodef-underline-icon-box-text\">\r\n\t\t\t\t<p>Armstrong, Santa Fe<\/p>\r\n\t\t\t<\/div>\r\n\t\t<\/div>\r\n\t<\/div>\r\n\t<div class=\"qodef-underline-icon-box-underline\">\r\n\t\t<span class=\"qodef-underline-holder\"><\/span>\r\n\t<\/div>\r\n<\/div>\t\t<\/div>\r\n\t<\/div>\r\n<\/div><\/div>[vc_empty_space height=\u00bb50&#8243;]<a href=\"https:\/\/pledu.com.ar\/sitio\/consultas\/\" target=\"_self\"  class=\"qodef-btn qodef-btn-large qodef-btn-solid\"  >\n        <span class=\"qodef-btn-text\">Consulta<\/span>\n    <span class=\"qodef-btn-text-icon\"><\/span>\n<\/a>[vc_empty_space height=\u00bb50&#8243;][\/vc_column][vc_column width=\u00bb1\/3&#8243;]<div class=\"qodef-elements-holder qodef-responsive-mode-768\" ><div class=\"qodef-elements-holder-item qodef-vertical-alignment-middle qodef-horizontal-alignment-left\" style=\"background-color: #ffffff\">\r\n\t<div class=\"qodef-elements-holder-item-inner\">\r\n\t\t<div class=\"qodef-elements-holder-item-content qodef-elements-holder-custom-776853\" style=\"padding: 0 0 0 0\">\r\n\t\t\t\t\t\t<div class=\"qodef-underline-icon-box-holder left qodef-with-border qodef-background-animation\">\r\n\t<div class=\"qodef-underline-icon-box-holder-inner\">\r\n\t\t<div class=\"qodef-underline-icon-box-icon-holder\">\r\n\t\t\t\n    <span class=\"qodef-icon-shortcode normal \"  >\n        \n        <i class=\"qodef-icon-simple-line-icon icon-graduation qodef-icon-element\" style=\"\" ><\/i>\n            <\/span>\n\n\t\t<\/div>\r\n\t\t<div class=\"qodef-underline-icon-box-text-holder\">\r\n\t\t\t<div class=\"qodef-underline-icon-box-title\">\r\n\t\t\t\t<h3>Campo de acci\u00f3n<\/h3>\r\n\t\t\t<\/div>\r\n\t\t\t<div class=\"qodef-underline-icon-box-text\">\r\n\t\t\t\t<p>Podr\u00e1 desarrollarse como dise\u00f1ador de sistemas solares fotovoltaicos. Podr\u00e1 ejecutar obras FV si es instalador el\u00e9ctrico o af\u00edn.<\/p>\r\n\t\t\t<\/div>\r\n\t\t<\/div>\r\n\t<\/div>\r\n\t<div class=\"qodef-underline-icon-box-underline\">\r\n\t\t<span class=\"qodef-underline-holder\"><\/span>\r\n\t<\/div>\r\n<\/div>\t\t<\/div>\r\n\t<\/div>\r\n<\/div><\/div>[vc_empty_space height=\u00bb16&#8243;]<div class=\"qodef-elements-holder qodef-responsive-mode-768\" ><div class=\"qodef-elements-holder-item qodef-vertical-alignment-middle qodef-horizontal-alignment-left\" style=\"background-color: #ffffff\">\r\n\t<div class=\"qodef-elements-holder-item-inner\">\r\n\t\t<div class=\"qodef-elements-holder-item-content qodef-elements-holder-custom-387671\" style=\"padding: 0 0 0 0\">\r\n\t\t\t\t\t\t<div class=\"qodef-underline-icon-box-holder left qodef-with-border qodef-background-animation\">\r\n\t<div class=\"qodef-underline-icon-box-holder-inner\">\r\n\t\t<div class=\"qodef-underline-icon-box-icon-holder\">\r\n\t\t\t\n    <span class=\"qodef-icon-shortcode normal \"  >\n        \n        <i class=\"qodef-icon-font-awesome fa fa-money qodef-icon-element\" style=\"\" ><\/i>\n            <\/span>\n\n\t\t<\/div>\r\n\t\t<div class=\"qodef-underline-icon-box-text-holder\">\r\n\t\t\t<div class=\"qodef-underline-icon-box-title\">\r\n\t\t\t\t<h3>Inversi\u00f3n:<\/h3>\r\n\t\t\t<\/div>\r\n\t\t\t<div class=\"qodef-underline-icon-box-text\">\r\n\t\t\t\t<p>$7.000 (siete mil pesos argentinos)<\/p>\r\n\t\t\t<\/div>\r\n\t\t<\/div>\r\n\t<\/div>\r\n\t<div class=\"qodef-underline-icon-box-underline\">\r\n\t\t<span class=\"qodef-underline-holder\"><\/span>\r\n\t<\/div>\r\n<\/div>\t\t<\/div>\r\n\t<\/div>\r\n<\/div><\/div>[vc_empty_space height=\u00bb50&#8243;]<a href=\"https:\/\/docs.google.com\/forms\/d\/e\/1FAIpQLSch0zbeixEC2EG4VqmfhySxfYsnMl80FjBw8TcJuXTiFySBmA\/viewform\" target=\"_self\" style=\"background-color: #81d742\" class=\"qodef-btn qodef-btn-large qodef-btn-solid\"  >\n        <span class=\"qodef-btn-text\">Pre-INSCRPCI\u00d3N<\/span>\n    <span class=\"qodef-btn-text-icon\"><\/span>\n<\/a>[vc_empty_space height=\u00bb50&#8243;][\/vc_column][\/vc_row][vc_row row_type=\u00bbparallax\u00bb content_width=\u00bbgrid\u00bb full_screen_section_height=\u00bbno\u00bb section_height=\u00bb472&#8243; parallax_background_image=\u00bb5637&#8243; css=\u00bb.vc_custom_1508965351865{padding-top: 0px !important;padding-bottom: 0px !important;}\u00bb][vc_column offset=\u00bbvc_col-md-5&#8243;][vc_empty_space height=\u00bb87px\u00bb][vc_column_text]<\/p>\n<h2><span style=\"color: #ffffff;\">Los Certificados &#8230;<\/span><\/h2>\n<p>[\/vc_column_text][vc_empty_space height=\u00bb19px\u00bb][vc_column_text]<\/p>\n<h4><span style=\"color: #b8b8b8;\">est\u00e1n avalados por el Observatorio de Energ\u00eda y Sustentabilidad de la Universidad Tecnol\u00f3gica Nacional, Facultad Regional Rosario (OES &#8211; UTN FRRo)\u00a0\u00a0<\/span><\/h4>\n<p>[\/vc_column_text][vc_empty_space height=\u00bb43px\u00bb]<a href=\"https:\/\/docs.google.com\/forms\/d\/e\/1FAIpQLSch0zbeixEC2EG4VqmfhySxfYsnMl80FjBw8TcJuXTiFySBmA\/viewform\" target=\"_self\"  class=\"qodef-btn qodef-btn-medium qodef-btn-solid qodef-btn-icon\"  >\n        <span class=\"qodef-btn-text\">Pre-INSCRIBIRME<\/span>\n    <span class=\"qodef-btn-text-icon\"><i class=\"qodef-icon-simple-line-icon icon-arrow-right-circle \" ><\/i><\/span>\n<\/a>[vc_empty_space height=\u00bb40px\u00bb][\/vc_column][vc_column offset=\u00bbvc_col-md-7&#8243;]<div class=\"qodef-elements-holder qodef-responsive-mode-768\" ><div class=\"qodef-elements-holder-item qodef-vertical-alignment-bottom qodef-horizontal-alignment-left\" >\r\n\t<div class=\"qodef-elements-holder-item-inner\">\r\n\t\t<div class=\"qodef-elements-holder-item-content qodef-elements-holder-custom-286816\" style=\"padding: 68px 0 0 0\">\r\n\t\t\t\t\t\t<style type=\"text\/css\" data-type=\"qodef-elements-custom-padding\" scoped>\r\n\t\t\t\t\t\t\t\t@media only screen and (min-width: 1280px) and (max-width: 1600px) {\r\n\t\t\t\t\t.qodef-elements-holder .qodef-elements-holder-item-content.qodef-elements-holder-custom-286816 {\r\n\t\t\t\t\t\tpadding:  !important;\r\n\t\t\t\t\t}\r\n\t\t\t\t}\r\n\t\t\t\t\t\t\t\t\t\t\t\t\t@media only screen and (min-width: 1024px) and (max-width: 1280px) {\r\n\t\t\t\t\t\t.qodef-elements-holder .qodef-elements-holder-item-content.qodef-elements-holder-custom-286816 {\r\n\t\t\t\t\t\t\tpadding:  !important;\r\n\t\t\t\t\t\t}\r\n\t\t\t\t\t}\r\n\t\t\t\t\t\t\t\t\t\t\t\t@media only screen and (min-width: 768px) and (max-width: 1024px) {\r\n\t\t\t\t\t.qodef-elements-holder .qodef-elements-holder-item-content.qodef-elements-holder-custom-286816 {\r\n\t\t\t\t\t\tpadding: 53% 0 0 0 !important;\r\n\t\t\t\t\t}\r\n\t\t\t\t}\r\n\t\t\t\t\t\t\t\t\t\t\t\t@media only screen and (min-width: 600px) and (max-width: 768px) {\r\n\t\t\t\t\t.qodef-elements-holder .qodef-elements-holder-item-content.qodef-elements-holder-custom-286816 {\r\n\t\t\t\t\t\tpadding: 2% 0 0 0 !important;\r\n\t\t\t\t\t}\r\n\t\t\t\t}\r\n\t\t\t\t\t\t\t\t\t\t\t\t@media only screen and (min-width: 480px) and (max-width: 600px) {\r\n\t\t\t\t\t.qodef-elements-holder .qodef-elements-holder-item-content.qodef-elements-holder-custom-286816 {\r\n\t\t\t\t\t\tpadding: 2% 0 0 0 !important;\r\n\t\t\t\t\t}\r\n\t\t\t\t}\r\n\t\t\t\t\t\t\t\t\t\t\t\t@media only screen and (max-width: 480px) {\r\n\t\t\t\t\t.qodef-elements-holder .qodef-elements-holder-item-content.qodef-elements-holder-custom-286816 {\r\n\t\t\t\t\t\tpadding: 2% 0 0 0 !important;\r\n\t\t\t\t\t}\r\n\t\t\t\t}\r\n\t\t\t\t\t\t\t\t<\/style>\r\n\t\t\t\t\t\t[vc_single_image image=\u00bb6079&#8243; img_size=\u00bbfull\u00bb]\t\t<\/div>\r\n\t<\/div>\r\n<\/div><\/div>[\/vc_column][\/vc_row][vc_row content_width=\u00bbgrid\u00bb][vc_column][vc_empty_space][vc_column_text]<\/p>\n<h2 style=\"text-align: center;\">Equipo Docente<\/h2>\n<p>[\/vc_column_text][\/vc_column][\/vc_row][vc_row content_aligment=\u00bbcenter\u00bb][vc_column width=\u00bb1\/4&#8243;][vc_empty_space][vc_single_image image=\u00bb3551&#8243; img_size=\u00bb222&#215;222&#8243; alignment=\u00bbcenter\u00bb style=\u00bbvc_box_circle_2&#8243; onclick=\u00bbcustom_link\u00bb img_link_target=\u00bb_blank\u00bb][vc_empty_space height=\u00bb26&#8243;][vc_column_text]<\/p>\n<h3><strong><span style=\"color: #000000;\">Jorge Chemes<\/span><\/strong><\/h3>\n<p>[\/vc_column_text][vc_empty_space height=\u00bb5&#8243;][vc_column_text]<\/p>\n<h6 style=\"text-align: center;\"><span style=\"color: #ff9900;\">Ingeniero<\/span><\/h6>\n<p>[\/vc_column_text][vc_empty_space height=\u00bb5&#8243;][vc_column_text]Especialista en geometr\u00eda solar, radiaci\u00f3n solar y software de aplicaci\u00f3n. Miembro del comit\u00e9 de certificaci\u00f3n INTI[\/vc_column_text][vc_empty_space height=\u00bb31&#8243;]<a href=\"https:\/\/pledu.com.ar\/sitio\/jorgechemes\/\" target=\"_self\"  class=\"qodef-btn qodef-btn-small qodef-btn-solid\"  >\n        <span class=\"qodef-btn-text\">ver mas<\/span>\n    <span class=\"qodef-btn-text-icon\"><\/span>\n<\/a>[vc_empty_space][\/vc_column][vc_column width=\u00bb1\/4&#8243;][vc_empty_space][vc_single_image image=\u00bb3843&#8243; img_size=\u00bb222&#215;222&#8243; alignment=\u00bbcenter\u00bb style=\u00bbvc_box_circle_2&#8243; onclick=\u00bbcustom_link\u00bb img_link_target=\u00bb_blank\u00bb link=\u00bbhttps:\/\/www.linkedin.com\/in\/ignacioarrana?authType=NAME_SEARCH&amp;authToken=m0qg&amp;locale=es_ES&amp;trk=tyah&amp;trkInfo=clickedVertical%3Amynetwork%2CclickedEntityId%3A451760448%2CauthType%3ANAME_SEARCH%2Cidx%3A1-1-1%2CtarId%3A1471469242396%2Ctas%3Aignaci\u00bb][vc_empty_space height=\u00bb26&#8243;][vc_column_text]<\/p>\n<h3><strong><span style=\"color: #000000;\">Ignacio Arra\u00f1a<\/span><\/strong><\/h3>\n<p>[\/vc_column_text][vc_empty_space height=\u00bb5&#8243;][vc_column_text]<\/p>\n<h6 style=\"text-align: center;\"><span style=\"color: #ff9900;\">Ingeniero<\/span><\/h6>\n<p>[\/vc_column_text][vc_empty_space height=\u00bb5&#8243;][vc_column_text]Especialista en dimensionamiento de sistemas solares t\u00e9rmicos y fotovoltaicos.\u00a0Miembro del comit\u00e9 de certificaci\u00f3n INTI[\/vc_column_text][vc_empty_space height=\u00bb31&#8243;]<a href=\"https:\/\/pledu.com.ar\/sitio\/docente_ignacioarrana\/\" target=\"_self\"  class=\"qodef-btn qodef-btn-small qodef-btn-solid\"  >\n        <span class=\"qodef-btn-text\">ver mas<\/span>\n    <span class=\"qodef-btn-text-icon\"><\/span>\n<\/a>[vc_empty_space][\/vc_column][vc_column width=\u00bb1\/4&#8243;][vc_empty_space][vc_single_image image=\u00bb4737&#8243; img_size=\u00bb222&#215;222&#8243; alignment=\u00bbcenter\u00bb style=\u00bbvc_box_circle_2&#8243; onclick=\u00bbcustom_link\u00bb img_link_target=\u00bb_blank\u00bb][vc_empty_space height=\u00bb26&#8243;][vc_column_text]<\/p>\n<h3><strong><span style=\"color: #000000;\">Pablo Bertinat<\/span><\/strong><\/h3>\n<p>[\/vc_column_text][vc_empty_space height=\u00bb5&#8243;][vc_column_text]<\/p>\n<h6 style=\"text-align: center;\"><span style=\"color: #ff9900;\">Mg. Ingeniero<\/span><\/h6>\n<p>[\/vc_column_text][vc_empty_space height=\u00bb5&#8243;][vc_column_text]Docente Investigador. Director del Observatorio de Energ\u00eda y Sustentabilidad de la Universidad Tecnol\u00f3gica Nacional &#8211; FRRo.[\/vc_column_text][vc_empty_space height=\u00bb31&#8243;]<a href=\"#\" target=\"_self\"  class=\"qodef-btn qodef-btn-small qodef-btn-solid\"  >\n        <span class=\"qodef-btn-text\">ver mas<\/span>\n    <span class=\"qodef-btn-text-icon\"><\/span>\n<\/a>[vc_empty_space][\/vc_column][vc_column width=\u00bb1\/4&#8243;][vc_empty_space][vc_single_image image=\u00bb5005&#8243; img_size=\u00bb222&#215;222&#8243; alignment=\u00bbcenter\u00bb style=\u00bbvc_box_circle_2&#8243; onclick=\u00bbcustom_link\u00bb img_link_target=\u00bb_blank\u00bb][vc_empty_space height=\u00bb26&#8243;][vc_column_text]<\/p>\n<h3><strong><span style=\"color: #000000;\">Nicolas Di Ruscio<\/span><\/strong><\/h3>\n<p>[\/vc_column_text][vc_empty_space height=\u00bb5&#8243;][vc_column_text]<\/p>\n<h6 style=\"text-align: center;\"><span style=\"color: #ff9900;\">Ingeniero<\/span><\/h6>\n<p>[\/vc_column_text][vc_empty_space height=\u00bb5&#8243;][vc_column_text]Especialista en\u00a0instalaci\u00f3n de energ\u00eda solar y dise\u00f1o de sistemas biom\u00e1sicos. Miembro del comit\u00e9 de certificaci\u00f3n INTI[\/vc_column_text][vc_empty_space height=\u00bb31&#8243;]<a href=\"https:\/\/pledu.com.ar\/sitio\/nicolasdiruscio\/\" target=\"_self\"  class=\"qodef-btn qodef-btn-small qodef-btn-solid\"  >\n        <span class=\"qodef-btn-text\">ver mas<\/span>\n    <span class=\"qodef-btn-text-icon\"><\/span>\n<\/a>[vc_empty_space][\/vc_column][\/vc_row][vc_row][vc_column][vc_empty_space][vc_column_text]<\/p>\n<h5 style=\"text-align: center;\">Instituciones p\u00fablicas y privadas que ya nos eligieron<\/h5>\n<p>[\/vc_column_text]<div class=\"qodef-carousel-holder with_navigation clearfix\"><div class=\"qodef-carousel\" data-items=\"10\" data-navigation=\"yes\"><div class=\"qodef-carousel-item-holder\">\r\n\t\t\t\t\t\t<span class=\"qodef-carousel-first-image-holder  qodef-image-zoom\">\r\n\t\t\t\t<img decoding=\"async\" src=\"https:\/\/pledu.com.ar\/sitio\/wp-content\/uploads\/2017\/10\/utn.png\" alt=\"utnfrro\">\r\n\t\t\t<\/span>\r\n\t\t\t\t\t<\/div><div class=\"qodef-carousel-item-holder\">\r\n\t\t\t\t\t\t<span class=\"qodef-carousel-first-image-holder  qodef-image-zoom\">\r\n\t\t\t\t<img decoding=\"async\" src=\"https:\/\/pledu.com.ar\/sitio\/wp-content\/uploads\/2017\/10\/unraf.png\" alt=\"unraf\">\r\n\t\t\t<\/span>\r\n\t\t\t\t\t<\/div><div class=\"qodef-carousel-item-holder\">\r\n\t\t\t\t\t\t<span class=\"qodef-carousel-first-image-holder  qodef-image-zoom\">\r\n\t\t\t\t<img decoding=\"async\" src=\"https:\/\/pledu.com.ar\/sitio\/wp-content\/uploads\/2017\/10\/saludsindano.png\" alt=\"saludsindano\">\r\n\t\t\t<\/span>\r\n\t\t\t\t\t<\/div><div class=\"qodef-carousel-item-holder\">\r\n\t\t\t\t\t\t<span class=\"qodef-carousel-first-image-holder  qodef-image-zoom\">\r\n\t\t\t\t<img decoding=\"async\" src=\"https:\/\/pledu.com.ar\/sitio\/wp-content\/uploads\/2017\/10\/muni-ros.png\" alt=\"muniros\">\r\n\t\t\t<\/span>\r\n\t\t\t\t\t<\/div><div class=\"qodef-carousel-item-holder\">\r\n\t\t\t\t\t\t<span class=\"qodef-carousel-first-image-holder  qodef-image-zoom\">\r\n\t\t\t\t<img decoding=\"async\" src=\"https:\/\/pledu.com.ar\/sitio\/wp-content\/uploads\/2017\/10\/inti.png\" alt=\"INTIregcentro\">\r\n\t\t\t<\/span>\r\n\t\t\t\t\t<\/div><div class=\"qodef-carousel-item-holder\">\r\n\t\t\t\t\t\t<span class=\"qodef-carousel-first-image-holder  qodef-image-zoom\">\r\n\t\t\t\t<img decoding=\"async\" src=\"https:\/\/pledu.com.ar\/sitio\/wp-content\/uploads\/2017\/10\/ilollay.png\" alt=\"ilolay\">\r\n\t\t\t<\/span>\r\n\t\t\t\t\t<\/div><div class=\"qodef-carousel-item-holder\">\r\n\t\t\t\t\t\t<span class=\"qodef-carousel-first-image-holder  qodef-image-zoom\">\r\n\t\t\t\t<img decoding=\"async\" src=\"https:\/\/pledu.com.ar\/sitio\/wp-content\/uploads\/2017\/10\/gvc.png\" alt=\"gvc\">\r\n\t\t\t<\/span>\r\n\t\t\t\t\t<\/div><div class=\"qodef-carousel-item-holder\">\r\n\t\t\t\t\t\t<span class=\"qodef-carousel-first-image-holder  qodef-image-zoom\">\r\n\t\t\t\t<img decoding=\"async\" src=\"https:\/\/pledu.com.ar\/sitio\/wp-content\/uploads\/2017\/10\/gobstafe.png\" alt=\"gobstafe\">\r\n\t\t\t<\/span>\r\n\t\t\t\t\t<\/div><div class=\"qodef-carousel-item-holder\">\r\n\t\t\t\t\t\t<span class=\"qodef-carousel-first-image-holder  qodef-image-zoom\">\r\n\t\t\t\t<img decoding=\"async\" src=\"https:\/\/pledu.com.ar\/sitio\/wp-content\/uploads\/2017\/10\/gaia.png\" alt=\"gaia\">\r\n\t\t\t<\/span>\r\n\t\t\t\t\t<\/div><div class=\"qodef-carousel-item-holder\">\r\n\t\t\t\t\t\t<span class=\"qodef-carousel-first-image-holder  qodef-image-zoom\">\r\n\t\t\t\t<img decoding=\"async\" src=\"https:\/\/pledu.com.ar\/sitio\/wp-content\/uploads\/2017\/10\/electroluz.png\" alt=\"electroluz\">\r\n\t\t\t<\/span>\r\n\t\t\t\t\t<\/div><div class=\"qodef-carousel-item-holder\">\r\n\t\t\t\t\t\t<span class=\"qodef-carousel-first-image-holder  qodef-image-zoom\">\r\n\t\t\t\t<img decoding=\"async\" src=\"https:\/\/pledu.com.ar\/sitio\/wp-content\/uploads\/2017\/10\/cadiec.png\" alt=\"cadiec\">\r\n\t\t\t<\/span>\r\n\t\t\t\t\t<\/div><div class=\"qodef-carousel-item-holder\">\r\n\t\t\t\t\t\t<span class=\"qodef-carousel-first-image-holder  qodef-image-zoom\">\r\n\t\t\t\t<img decoding=\"async\" src=\"https:\/\/pledu.com.ar\/sitio\/wp-content\/uploads\/2017\/10\/Arq.png\" alt=\"arq\">\r\n\t\t\t<\/span>\r\n\t\t\t\t\t<\/div><div class=\"qodef-carousel-item-holder\">\r\n\t\t\t\t\t\t<span class=\"qodef-carousel-first-image-holder  qodef-image-zoom\">\r\n\t\t\t\t<img decoding=\"async\" src=\"https:\/\/pledu.com.ar\/sitio\/wp-content\/uploads\/2017\/10\/soleventus.png\" alt=\"soleventus\">\r\n\t\t\t<\/span>\r\n\t\t\t\t\t<\/div><div class=\"qodef-carousel-item-holder\">\r\n\t\t\t\t\t\t<span class=\"qodef-carousel-first-image-holder  qodef-image-zoom\">\r\n\t\t\t\t<img decoding=\"async\" src=\"https:\/\/pledu.com.ar\/sitio\/wp-content\/uploads\/2017\/10\/febecos.png\" alt=\"febecos\">\r\n\t\t\t<\/span>\r\n\t\t\t\t\t<\/div><div class=\"qodef-carousel-item-holder\">\r\n\t\t\t\t\t\t<span class=\"qodef-carousel-first-image-holder  qodef-image-zoom\">\r\n\t\t\t\t<img decoding=\"async\" src=\"https:\/\/pledu.com.ar\/sitio\/wp-content\/uploads\/2017\/10\/fixon.png\" alt=\"\">\r\n\t\t\t<\/span>\r\n\t\t\t\t\t<\/div><div class=\"qodef-carousel-item-holder\">\r\n\t\t\t\t\t\t<span class=\"qodef-carousel-first-image-holder  qodef-image-zoom\">\r\n\t\t\t\t<img decoding=\"async\" src=\"https:\/\/pledu.com.ar\/sitio\/wp-content\/uploads\/2017\/12\/ucel.png\" alt=\"ucel\">\r\n\t\t\t<\/span>\r\n\t\t\t\t\t<\/div><div class=\"qodef-carousel-item-holder\">\r\n\t\t\t\t\t\t<span class=\"qodef-carousel-first-image-holder  qodef-image-zoom\">\r\n\t\t\t\t<img decoding=\"async\" src=\"https:\/\/pledu.com.ar\/sitio\/wp-content\/uploads\/2018\/08\/ypf.png\" alt=\"ypf\">\r\n\t\t\t<\/span>\r\n\t\t\t\t\t<\/div><div class=\"qodef-carousel-item-holder\">\r\n\t\t\t\t\t\t<span class=\"qodef-carousel-first-image-holder  qodef-image-zoom\">\r\n\t\t\t\t<img decoding=\"async\" src=\"https:\/\/pledu.com.ar\/sitio\/wp-content\/uploads\/2018\/08\/solarmate.png\" alt=\"solarmate\">\r\n\t\t\t<\/span>\r\n\t\t\t\t\t<\/div><\/div><\/div>[\/vc_column][\/vc_row][vc_row row_type=\u00bbparallax\u00bb content_aligment=\u00bbcenter\u00bb full_screen_section_height=\u00bbno\u00bb parallax_background_image=\u00bb3919&#8243;][vc_column][vc_empty_space height=\u00bb150&#8243;]\n<div class=\"qodef-custom-font-holder\" style=\"font-family: Raleway;font-size: 58px;line-height: 59px;font-weight: 700;letter-spacing: 0px;color: #ffffff\" data-font-size= 58 data-line-height= 59>\n\tSe parte de la Energ\u00eda Solar<\/div>[vc_empty_space height=\u00bb50&#8243;]<div class=\"qodef-iwt clearfix qodef-iwt-icon-top qodef-iwt-icon-huge\">\n    <div class=\"qodef-iwt-icon-holder\">\n                        <span class=\"qodef-icon-animation-holder\" >\n\n    <span class=\"qodef-icon-shortcode normal qodef-icon-animation qodef-icon-huge\"  data-color=\"#ffffff\">\n        \n        <i class=\"qodef-icon-font-awesome fa fa-calendar qodef-icon-element\" style=\"color: #ffffff\" ><\/i>\n            <\/span>\n\n    <\/span>\n            <\/div>\n    <div class=\"qodef-iwt-content-holder\" >\n                    <div class=\"qodef-iwt-title-holder\">\n                <h4 style=\"color: #ffffff\">Inscripci\u00f3n abierta!!!<\/h4>\n            <\/div>\n                <div class=\"qodef-iwt-text-holder\">\n            <p style=\"color: #ffffff\">27, 28 y 29 de marzo 2019<\/p>\n\n                    <\/div>\n    <\/div>\n<\/div>[vc_empty_space height=\u00bb50&#8243;]<a href=\"https:\/\/pledu.com.ar\/sitio\/suscripcion\/\" target=\"_self\" style=\"color: #ffffff;border-color: #ffffff\" class=\"qodef-btn qodef-btn-huge qodef-btn-default qodef-btn-icon\"  >\n        <span class=\"qodef-btn-text\">Suscribite al bolet\u00edn de cursos<\/span>\n    <span class=\"qodef-btn-text-icon\"><i class=\"qodef-icon-simple-line-icon icon-pencil \" ><\/i><\/span>\n<\/a>[vc_empty_space height=\u00bb150&#8243;][\/vc_column][\/vc_row][vc_row content_width=\u00bbgrid\u00bb content_aligment=\u00bbcenter\u00bb css=\u00bb.vc_custom_1471301311218{background-color: #f4f4f4 !important;}\u00bb][vc_column][vc_empty_space height=\u00bb40&#8243;][vc_column_text]<\/p>\n<h2 style=\"text-align: center;\">Fotos<\/h2>\n<p>[\/vc_column_text][\/vc_column][\/vc_row][vc_row content_width=\u00bbgrid\u00bb content_aligment=\u00bbcenter\u00bb css=\u00bb.vc_custom_1471298289585{background-color: #f4f4f4 !important;}\u00bb][vc_column width=\u00bb1\/6&#8243;][vc_empty_space][vc_single_image image=\u00bb4223&#8243; alignment=\u00bbcenter\u00bb onclick=\u00bblink_image\u00bb][vc_empty_space][\/vc_column][vc_column width=\u00bb1\/6&#8243;][vc_empty_space][vc_single_image image=\u00bb4211&#8243; alignment=\u00bbcenter\u00bb onclick=\u00bblink_image\u00bb][vc_empty_space][\/vc_column][vc_column width=\u00bb1\/6&#8243;][vc_empty_space][vc_single_image image=\u00bb4213&#8243; alignment=\u00bbcenter\u00bb onclick=\u00bblink_image\u00bb][vc_empty_space][\/vc_column][vc_column width=\u00bb1\/6&#8243;][vc_empty_space][vc_single_image image=\u00bb4215&#8243; alignment=\u00bbcenter\u00bb onclick=\u00bblink_image\u00bb][vc_empty_space][\/vc_column][vc_column width=\u00bb1\/6&#8243;][vc_empty_space][vc_single_image image=\u00bb4221&#8243; alignment=\u00bbcenter\u00bb onclick=\u00bblink_image\u00bb][vc_empty_space][\/vc_column][vc_column width=\u00bb1\/6&#8243;][vc_empty_space][vc_single_image image=\u00bb4225&#8243; alignment=\u00bbcenter\u00bb onclick=\u00bblink_image\u00bb][vc_empty_space][\/vc_column][\/vc_row][vc_row content_width=\u00bbgrid\u00bb content_aligment=\u00bbcenter\u00bb css=\u00bb.vc_custom_1471217251345{background-color: #f4f4f4 !important;}\u00bb][vc_column][vc_empty_space][vc_empty_space][\/vc_column][\/vc_row][vc_row css=\u00bb.vc_custom_1471628720552{background-color: #f4f4f4 !important;}\u00bb][vc_column][vc_video link=\u00bbhttps:\/\/www.youtube.com\/watch?v=pvogHH11N6A&amp;t=3s\u00bb el_width=\u00bb50&#8243; align=\u00bbcenter\u00bb][\/vc_column][\/vc_row][vc_row][vc_column]<div class=\"qodef-google-map-holder\">\r\n\t<div class=\"qodef-google-map\" id=\"qodef-map-2352046\" data-addresses='[\"Armstrong, Santa Fe\"]' data-custom-map-style=false data-color-overlay=#393939 data-saturation=-100 data-lightness=-60 data-zoom=16 data-pin=https:\/\/pledu.com.ar\/sitio\/wp-content\/themes\/startit\/assets\/img\/pin.png data-unique-id=2352046 data-scroll-wheel=false data-height=600><\/div>\r\n\t\t\t<div class=\"qodef-google-map-overlay\"><\/div>\r\n\t<\/div>\r\n[\/vc_column][\/vc_row]<\/p>\n","protected":false},"excerpt":{"rendered":"<p>[vc_row content_width=\u00bbgrid\u00bb][vc_column][vc_empty_space][vc_column_text] Dimensionamiento\u00a0de proyectos Solares Fotovoltaicos ongrid para cooperativas el\u00e9ctricas [\/vc_column_text][vc_empty_space height=\u00bb10&#8243;][vc_column_text] Esta capacitaci\u00f3n se configura como la segunda actividad p\u00fablica del Centro de Capacitaci\u00f3n en Generaci\u00f3n Distribuida, espacio de formaci\u00f3n que se genera a partir de la participaci\u00f3n de nuestro Grupo de Investigaci\u00f3n en&#8230;<\/p>\n","protected":false},"author":3,"featured_media":0,"parent":0,"menu_order":0,"comment_status":"closed","ping_status":"closed","template":"full-width.php","meta":{"footnotes":""},"class_list":["post-5903","page","type-page","status-publish","hentry"],"aioseo_notices":[],"_links":{"self":[{"href":"https:\/\/pledu.com.ar\/sitio\/wp-json\/wp\/v2\/pages\/5903","targetHints":{"allow":["GET"]}}],"collection":[{"href":"https:\/\/pledu.com.ar\/sitio\/wp-json\/wp\/v2\/pages"}],"about":[{"href":"https:\/\/pledu.com.ar\/sitio\/wp-json\/wp\/v2\/types\/page"}],"author":[{"embeddable":true,"href":"https:\/\/pledu.com.ar\/sitio\/wp-json\/wp\/v2\/users\/3"}],"replies":[{"embeddable":true,"href":"https:\/\/pledu.com.ar\/sitio\/wp-json\/wp\/v2\/comments?post=5903"}],"version-history":[{"count":9,"href":"https:\/\/pledu.com.ar\/sitio\/wp-json\/wp\/v2\/pages\/5903\/revisions"}],"predecessor-version":[{"id":6123,"href":"https:\/\/pledu.com.ar\/sitio\/wp-json\/wp\/v2\/pages\/5903\/revisions\/6123"}],"wp:attachment":[{"href":"https:\/\/pledu.com.ar\/sitio\/wp-json\/wp\/v2\/media?parent=5903"}],"curies":[{"name":"wp","href":"https:\/\/api.w.org\/{rel}","templated":true}]}}